{"id":6211,"date":"2022-08-09T17:21:45","date_gmt":"2022-08-09T17:21:45","guid":{"rendered":"https:\/\/valldolina.com\/politica-de-privacidad\/"},"modified":"2023-06-09T10:22:27","modified_gmt":"2023-06-09T10:22:27","slug":"politica-de-privacidad","status":"publish","type":"page","link":"https:\/\/valldolina.com\/es\/politica-de-privacidad\/","title":{"rendered":"Pol\u00edtica de privacidad"},"content":{"rendered":"\t\t<div data-elementor-type=\"wp-page\" data-elementor-id=\"6211\" class=\"elementor elementor-6211 elementor-1758\" data-elementor-post-type=\"page\">\n\t\t\t\t\t\t<section class=\"elementor-section elementor-top-section elementor-element elementor-element-6f400be elementor-section-boxed elementor-section-height-default elementor-section-height-default\" data-id=\"6f400be\" data-element_type=\"section\" data-e-type=\"section\" data-settings=\"{&quot;background_background&quot;:&quot;classic&quot;}\">\n\t\t\t\t\t\t<div class=\"elementor-container elementor-column-gap-default\">\n\t\t\t\t\t<div class=\"elementor-column elementor-col-100 elementor-top-column elementor-element elementor-element-1102cf2\" data-id=\"1102cf2\" data-element_type=\"column\" data-e-type=\"column\">\n\t\t\t<div class=\"elementor-widget-wrap elementor-element-populated\">\n\t\t\t\t\t\t<div class=\"elementor-element elementor-element-dc92139 elementor-widget elementor-widget-heading\" data-id=\"dc92139\" data-element_type=\"widget\" data-e-type=\"widget\" data-widget_type=\"heading.default\">\n\t\t\t\t<div class=\"elementor-widget-container\">\n\t\t\t\t\t<h2 class=\"elementor-heading-title elementor-size-default\">Pol\u00edtica de privacidad<\/h2>\t\t\t\t<\/div>\n\t\t\t\t<\/div>\n\t\t\t\t<div class=\"elementor-element elementor-element-fb903c4 elementor-widget elementor-widget-text-editor\" data-id=\"fb903c4\" data-element_type=\"widget\" data-e-type=\"widget\" data-widget_type=\"text-editor.default\">\n\t\t\t\t<div class=\"elementor-widget-container\">\n\t\t\t\t\t\t\t\t\t<p>Mediante el presente aviso, Lleure Olesa, S.L. (en adelante Valldolina), informa a los usuarios del sitio web www.valldolina.com, en cumplimiento del Reglamento (UE) 2016\/679 del Parlamento Europeo y del Consejo de 27 de abril de 2016 (Reglamento General de Protecci\u00f3n de Datos) y de la Ley Org\u00e1nica 3\/18, de 5 de diciembre, de Protecci\u00f3n de Datos Personales y Garant\u00eda de los Derechos Digitales y dem\u00e1s legislaci\u00f3n aplicable, de su pol\u00edtica de protecci\u00f3n de datos de car\u00e1cter personal para que decidan de forma expresa, libre y voluntaria, facilitar a Valldolina los datos personales que les sean requeridos motivados por la solicitud de informaci\u00f3n o por la contrataci\u00f3n de los distintos servicios ofertados en el \u00e1mbito de la consultor\u00eda y asesor\u00eda inform\u00e1tica. Salvo que espec\u00edficamente se establezca lo contrario, se considera necesario cumplimentar todos los datos requeridos en el formulario o en la copia impresa de forma veraz, exacta, completa y actualizada. En caso contrario, Valldolina podr\u00e1, dependiendo del caso, no proceder al registro del usuario, o denegar el servicio concreto solicitado. Todos los datos facilitados por el usuario\/interesado ser\u00e1n tratados conforme a las caracter\u00edsticas que se detallan a continuaci\u00f3n.<\/p>\n<p>Informaci\u00f3n relativa al tratamiento de datos personales:<br \/>e) Identificaci\u00f3n del responsable:<br \/>Lleure Olesa, S.L. (en adelante Valldolina), con C.I.F., B60524220, con domicilio en PLA\u00c7A DE LA CREU 1, Olesa de Bonesvalls, 08795 (Barcelona). Correo electr\u00f3nico de contacto info@valldolina.com<\/p>\n<p>ii)Finalidad del tratamiento:<br \/>Todos los datos facilitados se tratar\u00e1n para los siguientes fines. a) Atender las solicitudes formuladas por el interesado. b) Mantenimiento de la relaci\u00f3n que pueda establecerse. c) Gesti\u00f3n, administraci\u00f3n, informaci\u00f3n, prestaci\u00f3n y mejora de los servicios que se decida contratar. d) Comunicaciones comerciales relacionadas con nuestros productos y servicios. Los datos personales proporcionados se conservar\u00e1n mientras se mantenga la relaci\u00f3n comercial, el interesado no solicite su supresi\u00f3n o sean necesarios para la finalidad del tratamiento. No proceder\u00e1 la destrucci\u00f3n de los datos cuando exista una disposici\u00f3n legal que exija su conservaci\u00f3n, en cuyo caso los datos ser\u00e1n bloqueados, y se conservar\u00e1n \u00fanicamente a disposici\u00f3n de las Administraciones P\u00fablicas, Jueces y Tribunales, para la atenci\u00f3n de las posibles responsabilidades nacidas del tratamiento, durante el plazo de prescripci\u00f3n de las mismas. Actualmente no tomamos ninguna decisi\u00f3n automatizada, incluida la elaboraci\u00f3n de perfiles, basada en sus datos personales. En caso de que estas decisiones automatizadas deban tomarse en el futuro, se requerir\u00e1 el consentimiento previo.<\/p>\n<p>iii) Legitimidad del tratamiento:<br \/>Cualquier tratamiento de sus datos personales ha sido previa y expresamente consentido por usted. Previamente, se informar\u00e1 al paciente de todos los detalles que exige la ley para que pueda dar su consentimiento informado. Puede revocar este consentimiento en cualquier momento, como se detalla m\u00e1s adelante en este documento.<\/p>\n<p>iv) Destinatarios, cesiones y transferencias de datos:<br \/>Sus datos no se divulgar\u00e1n a menos que sea indispensable para el cumplimiento de los fines antes mencionados o de una obligaci\u00f3n legal. Sus datos no se transferir\u00e1n a pa\u00edses fuera de la Uni\u00f3n Europea a menos que usted nos lo autorice expresamente con antelaci\u00f3n.<\/p>\n<p>v)Drechos de los interesados:<br \/>En cualquier momento podr\u00e1 ejercitar los derechos detallados a continuaci\u00f3n enviando un correo postal a Valldolina, PLA\u00c7A DE LA CREU 1, Olesa de Bonesvalls, 08795 (Barcelona); o enviando un correo electr\u00f3nico a info@valldolina.com o rellenando el siguiente formulario web www.valldolina.com\/drets. La solicitud deber\u00e1 contener el nombre, apellidos y documentaci\u00f3n que acredite la identidad del interesado o de su representante legal, as\u00ed como documento acreditativo de la representaci\u00f3n, petici\u00f3n en que se concreta la solicitud, domicilio a efectos de notificaciones, fecha y firma del solicitante y documentos acreditativos de la petici\u00f3n que formula. Si la solicitud no cumple los requisitos especificados, ser\u00e1 necesaria una modificaci\u00f3n.<\/p>\n<p>Los derechos de los interesados son: acceso, rectificaci\u00f3n, limitaci\u00f3n, portabilidad, oposici\u00f3n y supresi\u00f3n; y su definici\u00f3n es:<\/p>\n<p>Derecho de acceso:<br \/>El interesado tendr\u00e1 derecho a obtener del responsable del tratamiento confirmaci\u00f3n de si se est\u00e1n tratando o no datos personales que le conciernan y, en tal caso, derecho de acceso a los datos personales y a la siguiente informaci\u00f3n:<\/p>\n<p>a) los fines del tratamiento<\/p>\n<p>b) las categor\u00edas de datos personales tratados<\/p>\n<p>c) los destinatarios o categor\u00edas de destinatarios a los que se hayan comunicado o vayan a comunicarse los datos personales, en particular destinatarios en terceros pa\u00edses u organizaciones internacionales<\/p>\n<p>d) de ser posible, el plazo previsto de conservaci\u00f3n de los datos personales o, de no ser posible, los criterios utilizados para determinar dicho plazo<\/p>\n<p>f) la existencia del derecho a solicitar al responsable del tratamiento la rectificaci\u00f3n o supresi\u00f3n de los datos personales o la limitaci\u00f3n del tratamiento de los datos personales relativos al interesado, o a oponerse a dicho tratamiento<\/p>\n<p>g) derecho a presentar una denuncia ante una autoridad de control<\/p>\n<p>h) cuando los datos personales no se hayan obtenido del interesado, cualquier informaci\u00f3n disponible sobre el origen<\/p>\n<p>i) la existencia de decisiones automatizadas, incluida la elaboraci\u00f3n de perfiles, a que se refieren los apartados 1 y 4 del art\u00edculo 22 y, al menos en estos casos, informaci\u00f3n significativa sobre la l\u00f3gica aplicada, as\u00ed como su importancia y las consecuencias para el interesado.<\/p>\n<p>Cuando los datos personales se transfieren a un tercer pa\u00eds o a una organizaci\u00f3n internacional, el interesado tiene derecho a ser informado de las garant\u00edas adecuadas en virtud del art\u00edculo 46 en relaci\u00f3n con la transferencia. El responsable del tratamiento facilitar\u00e1 una copia de los datos personales objeto del tratamiento. El responsable podr\u00e1 cobrar una tasa razonable por cualquier otra copia solicitada por el interesado en funci\u00f3n de los costes administrativos. Cuando el interesado presente la solicitud por medios electr\u00f3nicos, siempre que solicite que se le facilite con posterioridad, la informaci\u00f3n se le proporcionar\u00e1 en un formato electr\u00f3nico de uso com\u00fan.<\/p>\n<p>Derecho de rectificaci\u00f3n:<br \/>El interesado tendr\u00e1 derecho a obtener sin dilaci\u00f3n indebida del responsable del tratamiento la rectificaci\u00f3n de los datos personales inexactos que le conciernan. Teniendo en cuenta los fines del tratamiento, el interesado tendr\u00e1 derecho a que se completen los datos personales incompletos, en la mayor medida posible, mediante una declaraci\u00f3n adicional.<\/p>\n<p>Drecho de supresi\u00f3n:<br \/>El interesado tendr\u00e1 derecho a obtener sin dilaci\u00f3n indebida del responsable del tratamiento la supresi\u00f3n de los datos personales que le conciernan, quien estar\u00e1 obligado a suprimir sin dilaci\u00f3n indebida los datos personales cuando concurra alguna de las circunstancias siguientes:<\/p>\n<p>a) los datos personales ya no son necesarios en relaci\u00f3n con los fines para los que fueron recogidos o tratados de otro modo<\/p>\n<p>b) el interesado retire el consentimiento en el que se basa el tratamiento de acuerdo con el art\u00edculo 6, apartado 1, letra (a), o el art\u00edculo 9, apartado 2, letra a), y no se basa en ning\u00fan otro fundamento jur\u00eddico.<\/p>\n<p>c) el interesado se oponga al tratamiento de conformidad con el art\u00edculo 21, apartado 1, y no prevalezcan otros motivos leg\u00edtimos para el tratamiento, o el interesado se oponga al tratamiento de conformidad con el art\u00edculo 21, apartado 2<\/p>\n<p>d) los datos personales han sido tratados ilegalmente<\/p>\n<p>i) los datos personales deben suprimirse para cumplir una obligaci\u00f3n legal establecida en el Derecho de la Uni\u00f3n o de los Estados miembros que se aplique al responsable del tratamiento<\/p>\n<p>f) los datos personales obtenidos en relaci\u00f3n con la oferta de servicios de la sociedad de la informaci\u00f3n mencionada en el apartado 1 del art\u00edculo 8.<\/p>\n<p>Cuando el responsable del fichero haya hecho p\u00fablicos los datos de car\u00e1cter personal sobre los que el interesado haya ejercitado el derecho de supresi\u00f3n, deber\u00e1 adoptar, de acuerdo con la tecnolog\u00eda disponible y el coste de su aplicaci\u00f3n, las medidas razonables para comunicar a los terceros que est\u00e9n tratando dicha informaci\u00f3n la solicitud de supresi\u00f3n de los datos, as\u00ed como de cualquier enlace a los mismos o cualquier copia o r\u00e9plica de los datos.<\/p>\n<p>Este derecho estar\u00e1 limitado por otros derechos como el de libertad de expresi\u00f3n e informaci\u00f3n, por el cumplimiento de alguna obligaci\u00f3n legal o cuando existan razones de inter\u00e9s p\u00fablico.<\/p>\n<p>Limitaci\u00f3n del derecho al tratamiento:<br \/>El interesado tendr\u00e1 derecho a obtener del responsable del tratamiento la limitaci\u00f3n del tratamiento de los datos cuando se cumpla alguna de las siguientes condiciones:<\/p>\n<p>a) el interesado impugne la exactitud de los datos personales, durante un plazo que permita al responsable verificar su exactitud.<\/p>\n<p>b) el tratamiento es il\u00edcito y el interesado se opone a la supresi\u00f3n de los datos personales y solicita en su lugar la limitaci\u00f3n de su uso;<\/p>\n<p>c) el responsable ya no necesite los datos personales para los fines del tratamiento, pero el interesado los necesite para la formulaci\u00f3n, el ejercicio o la defensa de reclamaciones.<\/p>\n<p>d) el interesado se haya opuesto al tratamiento de conformidad con el apartado 1 del art\u00edculo 21, verificando al mismo tiempo si los motivos leg\u00edtimos del responsable del tratamiento prevalecen sobre los del interesado.<\/p>\n<p>Cuando el tratamiento de datos personales haya sido limitado en virtud del apartado 1, dichos datos podr\u00e1n ser tratados, con excepci\u00f3n de su conservaci\u00f3n, con el consentimiento del interesado o para la formulaci\u00f3n de las mismas, el ejercicio o la defensa de reclamaciones, o con la intenci\u00f3n de proteger los derechos de otra persona f\u00edsica o jur\u00eddica o por razones de inter\u00e9s p\u00fablico importante de la Uni\u00f3n o de un Estado miembro determinado.<\/p>\n<p>Todo interesado que haya obtenido la limitaci\u00f3n del tratamiento de conformidad con el apartado 1 ser\u00e1 informado por el responsable antes de que se levante la limitaci\u00f3n.<\/p>\n<p>Derecho de oposici\u00f3n:<br \/>El interesado tendr\u00e1 derecho a oponerse en cualquier momento, por motivos relacionados con su situaci\u00f3n particular, al tratamiento de los datos personales que le conciernan en base a lo dispuesto en el art\u00edculo 6, apartado 1, letra i) de), incluida la elaboraci\u00f3n de perfiles basados en los mismos.<\/p>\n<p>El responsable del tratamiento dejar\u00e1 de tratar los datos personales, salvo que existan motivos leg\u00edtimos imperiosos para el tratamiento que prevalezcan sobre los intereses, derechos y libertades del interesado, o para la formulaci\u00f3n, el ejercicio o la defensa de reclamaciones.<\/p>\n<p>Cuando la finalidad del tratamiento de los datos personales sea la mercadotecnia directa, el interesado tendr\u00e1 derecho a oponerse en cualquier momento al tratamiento de los datos personales que le conciernan, incluida la elaboraci\u00f3n de perfiles en la medida en que est\u00e9 relacionado con el citado marketing.<\/p>\n<p>Cuando el interesado se oponga al tratamiento con fines de marketing directo, los datos personales dejar\u00e1n de tratarse para estos fines.<\/p>\n<p>Cuando se traten datos personales con fines de investigaci\u00f3n cient\u00edfica o hist\u00f3rica o con fines estad\u00edsticos de conformidad con el apartado 1 del art\u00edculo 89, el interesado tendr\u00e1 derecho, por motivos relacionados con su situaci\u00f3n particular, a oponerse al tratamiento de los datos personales que le conciernan, siempre que sea necesario para el cumplimiento de una misi\u00f3n realizada por razones de inter\u00e9s p\u00fablico.<\/p>\n<p>Derecho a la portabilidad de los datos:<br \/>El interesado tendr\u00e1 derecho a recibir los datos personales que le conciernan, que haya facilitado a un responsable del tratamiento, en un formato estructurado, de uso com\u00fan y lectura mec\u00e1nica, y a transmitirlos a otro responsable del tratamiento sin que se lo impida el responsable al que los haya facilitado, cuando:<\/p>\n<p>a) el tratamiento se basa en el consentimiento de conformidad con el art\u00edculo 6, apartado 1, letra a) a), o el art\u00edculo 9, apartado 2, letra a), o en un contrato de conformidad con el art\u00edculo 6, apartado 1, p\u00e1rrafo 1, letra b) , i<\/p>\n<p>b) el tratamiento se realiza por medios automatizados.<\/p>\n<p>2. En el ejercicio del derecho a la portabilidad de los datos de conformidad con el apartado 1, el interesado tiene derecho a que los datos personales se transmitan directamente de responsable a responsable cuando sea t\u00e9cnicamente posible.<\/p>\n<p>El ejercicio del derecho mencionado en el apartado 1 del presente art\u00edculo se entender\u00e1 sin perjuicio de lo dispuesto en el art\u00edculo 17. Este derecho no se aplica al tratamiento necesario para el cumplimiento de una misi\u00f3n realizada en inter\u00e9s p\u00fablico o en el ejercicio de poderes p\u00fablicos conferidos al responsable del tratamiento.<\/p>\n<p>El responsable del tratamiento comunicar\u00e1 cualquier rectificaci\u00f3n o supresi\u00f3n de datos personales o limitaci\u00f3n del tratamiento realizada de conformidad con el art\u00edculo 16, el apartado 1 del art\u00edculo 17 y el art\u00edculo 18 a cada uno de los destinatarios a los que se hayan comunicado los datos personales, a menos que resulte imposible o exija un esfuerzo desproporcionado. El responsable informar\u00e1 al interesado sobre estos destinatarios, si as\u00ed lo solicita.<\/p>\n<p>vi) Revocaci\u00f3n del consentimiento :<\/p>\n<p>El interesado que en su momento hubiera dado su consentimiento al tratamiento de los datos personales, tambi\u00e9n podr\u00e1 retirarlo con la misma facilidad. La retirada del consentimiento no implicar\u00e1 la ilicitud del tratamiento previamente realizado.<\/p>\n<p>El interesado tendr\u00e1 derecho a presentar una denuncia ante la Autoridad de Control competente.<\/p>\n<p>Cuando posteriormente se traten datos personales para finalidades distintas, el responsable informar\u00e1 al interesado de tal extremo.<\/p>\n<p>v.ii)Medidas de seguridad :<\/p>\n<p>El Responsable del Tratamiento declara haber adoptado las medidas de \u00edndole t\u00e9cnica y organizativas necesarias que garanticen la seguridad de los datos y eviten su alteraci\u00f3n, p\u00e9rdida, tratamiento o acceso no autorizado, habida cuenta del estado de la tecnolog\u00eda, la naturaleza de los datos tratados y los riesgos a que est\u00e1n expuestos, ya provengan de la acci\u00f3n humana o del medio f\u00edsico o natural.<\/p>\n<p>El sitio web www.valldolina.com contiene enlaces a otros sitios web que pueden ser de inter\u00e9s para los usuarios. Valldolina no asume ninguna responsabilidad sobre estos enlaces, sin que se garantice el cumplimiento de las pol\u00edticas de privacidad adecuadas, por lo que el usuario accede al contenido de las citadas p\u00e1ginas web en las condiciones de uso que se fijen en las mismas y bajo su exclusiva responsabilidad.<\/p>\n<p>Si tiene alguna duda, pregunta o recomendaci\u00f3n sobre nuestra Pol\u00edtica de Privacidad, puede ponerse en contacto con nosotros por correo electr\u00f3nico en la siguiente direcci\u00f3n: info@valldolina.com<\/p>\n<p>Valldolina<\/p>\n\t\t\t\t\t\t\t\t<\/div>\n\t\t\t\t<\/div>\n\t\t\t\t\t<\/div>\n\t\t<\/div>\n\t\t\t\t\t<\/div>\n\t\t<\/section>\n\t\t\t\t<\/div>\n\t\t","protected":false},"excerpt":{"rendered":"<p>Pol\u00edtica de privacidad Mediante el presente aviso, Lleure Olesa, S.L. (en adelante Valldolina), informa a los usuarios del sitio web www.valldolina.com, en cumplimiento del Reglamento (UE) 2016\/679 del Parlamento Europeo y del Consejo de 27 de abril de 2016 (Reglamento General de Protecci\u00f3n de Datos) y de la Ley Org\u00e1nica 3\/18, de 5 de diciembre, [&hellip;]<\/p>\n","protected":false},"author":1,"featured_media":0,"parent":0,"menu_order":0,"comment_status":"closed","ping_status":"closed","template":"","meta":{"_acf_changed":false,"footnotes":""},"class_list":["post-6211","page","type-page","status-publish","hentry"],"acf":[],"yoast_head":"<!-- This site is optimized with the Yoast SEO plugin v27.4 - https:\/\/yoast.com\/product\/yoast-seo-wordpress\/ -->\n<title>Pol\u00edtica de privacidad - Valldolina<\/title>\n<meta name=\"robots\" content=\"index, follow, max-snippet:-1, max-image-preview:large, max-video-preview:-1\" \/>\n<link rel=\"canonical\" href=\"https:\/\/valldolina.com\/es\/politica-de-privacidad\/\" \/>\n<meta property=\"og:locale\" content=\"es_ES\" \/>\n<meta property=\"og:type\" content=\"article\" \/>\n<meta property=\"og:title\" content=\"Pol\u00edtica de privacidad - Valldolina\" \/>\n<meta property=\"og:description\" content=\"Pol\u00edtica de privacidad Mediante el presente aviso, Lleure Olesa, S.L. (en adelante Valldolina), informa a los usuarios del sitio web www.valldolina.com, en cumplimiento del Reglamento (UE) 2016\/679 del Parlamento Europeo y del Consejo de 27 de abril de 2016 (Reglamento General de Protecci\u00f3n de Datos) y de la Ley Org\u00e1nica 3\/18, de 5 de diciembre, [&hellip;]\" \/>\n<meta property=\"og:url\" content=\"https:\/\/valldolina.com\/es\/politica-de-privacidad\/\" \/>\n<meta property=\"og:site_name\" content=\"Valldolina\" \/>\n<meta property=\"article:publisher\" content=\"https:\/\/www.facebook.com\/valldolina.eco\/?locale=es_ES\" \/>\n<meta property=\"article:modified_time\" content=\"2023-06-09T10:22:27+00:00\" \/>\n<meta name=\"twitter:card\" content=\"summary_large_image\" \/>\n<meta name=\"twitter:label1\" content=\"Tiempo de lectura\" \/>\n\t<meta name=\"twitter:data1\" content=\"12 minutos\" \/>\n<script type=\"application\/ld+json\" class=\"yoast-schema-graph\">{\"@context\":\"https:\\\/\\\/schema.org\",\"@graph\":[{\"@type\":\"WebPage\",\"@id\":\"https:\\\/\\\/valldolina.com\\\/es\\\/politica-de-privacidad\\\/\",\"url\":\"https:\\\/\\\/valldolina.com\\\/es\\\/politica-de-privacidad\\\/\",\"name\":\"Pol\u00edtica de privacidad - Valldolina\",\"isPartOf\":{\"@id\":\"https:\\\/\\\/valldolina.com\\\/#website\"},\"datePublished\":\"2022-08-09T17:21:45+00:00\",\"dateModified\":\"2023-06-09T10:22:27+00:00\",\"breadcrumb\":{\"@id\":\"https:\\\/\\\/valldolina.com\\\/es\\\/politica-de-privacidad\\\/#breadcrumb\"},\"inLanguage\":\"es\",\"potentialAction\":[{\"@type\":\"ReadAction\",\"target\":[\"https:\\\/\\\/valldolina.com\\\/es\\\/politica-de-privacidad\\\/\"]}]},{\"@type\":\"BreadcrumbList\",\"@id\":\"https:\\\/\\\/valldolina.com\\\/es\\\/politica-de-privacidad\\\/#breadcrumb\",\"itemListElement\":[{\"@type\":\"ListItem\",\"position\":1,\"name\":\"Inici\",\"item\":\"https:\\\/\\\/valldolina.com\\\/es\\\/home\\\/\"},{\"@type\":\"ListItem\",\"position\":2,\"name\":\"Pol\u00edtica de privacidad\"}]},{\"@type\":\"WebSite\",\"@id\":\"https:\\\/\\\/valldolina.com\\\/#website\",\"url\":\"https:\\\/\\\/valldolina.com\\\/\",\"name\":\"Vinos y cavas ecol\u00f3gicos\",\"description\":\"Viticultors i elaboradors\",\"publisher\":{\"@id\":\"https:\\\/\\\/valldolina.com\\\/#organization\"},\"potentialAction\":[{\"@type\":\"SearchAction\",\"target\":{\"@type\":\"EntryPoint\",\"urlTemplate\":\"https:\\\/\\\/valldolina.com\\\/?s={search_term_string}\"},\"query-input\":{\"@type\":\"PropertyValueSpecification\",\"valueRequired\":true,\"valueName\":\"search_term_string\"}}],\"inLanguage\":\"es\"},{\"@type\":\"Organization\",\"@id\":\"https:\\\/\\\/valldolina.com\\\/#organization\",\"name\":\"Valldolina\",\"url\":\"https:\\\/\\\/valldolina.com\\\/\",\"logo\":{\"@type\":\"ImageObject\",\"inLanguage\":\"es\",\"@id\":\"https:\\\/\\\/valldolina.com\\\/#\\\/schema\\\/logo\\\/image\\\/\",\"url\":\"https:\\\/\\\/valldolina.com\\\/wp-content\\\/uploads\\\/2022\\\/07\\\/cropped-Layer-1-1.png\",\"contentUrl\":\"https:\\\/\\\/valldolina.com\\\/wp-content\\\/uploads\\\/2022\\\/07\\\/cropped-Layer-1-1.png\",\"width\":1054,\"height\":302,\"caption\":\"Valldolina\"},\"image\":{\"@id\":\"https:\\\/\\\/valldolina.com\\\/#\\\/schema\\\/logo\\\/image\\\/\"},\"sameAs\":[\"https:\\\/\\\/www.facebook.com\\\/valldolina.eco\\\/?locale=es_ES\",\"https:\\\/\\\/www.instagram.com\\\/valldolina\\\/?hl=es\"]}]}<\/script>\n<!-- \/ Yoast SEO plugin. -->","yoast_head_json":{"title":"Pol\u00edtica de privacidad - Valldolina","robots":{"index":"index","follow":"follow","max-snippet":"max-snippet:-1","max-image-preview":"max-image-preview:large","max-video-preview":"max-video-preview:-1"},"canonical":"https:\/\/valldolina.com\/es\/politica-de-privacidad\/","og_locale":"es_ES","og_type":"article","og_title":"Pol\u00edtica de privacidad - Valldolina","og_description":"Pol\u00edtica de privacidad Mediante el presente aviso, Lleure Olesa, S.L. (en adelante Valldolina), informa a los usuarios del sitio web www.valldolina.com, en cumplimiento del Reglamento (UE) 2016\/679 del Parlamento Europeo y del Consejo de 27 de abril de 2016 (Reglamento General de Protecci\u00f3n de Datos) y de la Ley Org\u00e1nica 3\/18, de 5 de diciembre, [&hellip;]","og_url":"https:\/\/valldolina.com\/es\/politica-de-privacidad\/","og_site_name":"Valldolina","article_publisher":"https:\/\/www.facebook.com\/valldolina.eco\/?locale=es_ES","article_modified_time":"2023-06-09T10:22:27+00:00","twitter_card":"summary_large_image","twitter_misc":{"Tiempo de lectura":"12 minutos"},"schema":{"@context":"https:\/\/schema.org","@graph":[{"@type":"WebPage","@id":"https:\/\/valldolina.com\/es\/politica-de-privacidad\/","url":"https:\/\/valldolina.com\/es\/politica-de-privacidad\/","name":"Pol\u00edtica de privacidad - Valldolina","isPartOf":{"@id":"https:\/\/valldolina.com\/#website"},"datePublished":"2022-08-09T17:21:45+00:00","dateModified":"2023-06-09T10:22:27+00:00","breadcrumb":{"@id":"https:\/\/valldolina.com\/es\/politica-de-privacidad\/#breadcrumb"},"inLanguage":"es","potentialAction":[{"@type":"ReadAction","target":["https:\/\/valldolina.com\/es\/politica-de-privacidad\/"]}]},{"@type":"BreadcrumbList","@id":"https:\/\/valldolina.com\/es\/politica-de-privacidad\/#breadcrumb","itemListElement":[{"@type":"ListItem","position":1,"name":"Inici","item":"https:\/\/valldolina.com\/es\/home\/"},{"@type":"ListItem","position":2,"name":"Pol\u00edtica de privacidad"}]},{"@type":"WebSite","@id":"https:\/\/valldolina.com\/#website","url":"https:\/\/valldolina.com\/","name":"Vinos y cavas ecol\u00f3gicos","description":"Viticultors i elaboradors","publisher":{"@id":"https:\/\/valldolina.com\/#organization"},"potentialAction":[{"@type":"SearchAction","target":{"@type":"EntryPoint","urlTemplate":"https:\/\/valldolina.com\/?s={search_term_string}"},"query-input":{"@type":"PropertyValueSpecification","valueRequired":true,"valueName":"search_term_string"}}],"inLanguage":"es"},{"@type":"Organization","@id":"https:\/\/valldolina.com\/#organization","name":"Valldolina","url":"https:\/\/valldolina.com\/","logo":{"@type":"ImageObject","inLanguage":"es","@id":"https:\/\/valldolina.com\/#\/schema\/logo\/image\/","url":"https:\/\/valldolina.com\/wp-content\/uploads\/2022\/07\/cropped-Layer-1-1.png","contentUrl":"https:\/\/valldolina.com\/wp-content\/uploads\/2022\/07\/cropped-Layer-1-1.png","width":1054,"height":302,"caption":"Valldolina"},"image":{"@id":"https:\/\/valldolina.com\/#\/schema\/logo\/image\/"},"sameAs":["https:\/\/www.facebook.com\/valldolina.eco\/?locale=es_ES","https:\/\/www.instagram.com\/valldolina\/?hl=es"]}]}},"_links":{"self":[{"href":"https:\/\/valldolina.com\/es\/wp-json\/wp\/v2\/pages\/6211","targetHints":{"allow":["GET"]}}],"collection":[{"href":"https:\/\/valldolina.com\/es\/wp-json\/wp\/v2\/pages"}],"about":[{"href":"https:\/\/valldolina.com\/es\/wp-json\/wp\/v2\/types\/page"}],"author":[{"embeddable":true,"href":"https:\/\/valldolina.com\/es\/wp-json\/wp\/v2\/users\/1"}],"replies":[{"embeddable":true,"href":"https:\/\/valldolina.com\/es\/wp-json\/wp\/v2\/comments?post=6211"}],"version-history":[{"count":0,"href":"https:\/\/valldolina.com\/es\/wp-json\/wp\/v2\/pages\/6211\/revisions"}],"wp:attachment":[{"href":"https:\/\/valldolina.com\/es\/wp-json\/wp\/v2\/media?parent=6211"}],"curies":[{"name":"wp","href":"https:\/\/api.w.org\/{rel}","templated":true}]}}